{"id":225,"date":"2022-12-26T00:08:54","date_gmt":"2022-12-25T23:08:54","guid":{"rendered":"https:\/\/minet-mathieu-avocats.fr\/?page_id=225"},"modified":"2022-12-26T00:10:27","modified_gmt":"2022-12-25T23:10:27","slug":"adoption","status":"publish","type":"page","link":"https:\/\/minet-mathieu-avocats.fr\/?page_id=225","title":{"rendered":"Adoption"},"content":{"rendered":"\t\t<div data-elementor-type=\"wp-page\" data-elementor-id=\"225\" class=\"elementor elementor-225\" data-elementor-post-type=\"page\">\n\t\t\t\t\t\t<section class=\"elementor-section elementor-top-section elementor-element elementor-element-e1c9542 elementor-section-boxed elementor-section-height-default elementor-section-height-default\" data-id=\"e1c9542\" data-element_type=\"section\" data-e-type=\"section\">\n\t\t\t\t\t\t<div class=\"elementor-container elementor-column-gap-default\">\n\t\t\t\t\t<div class=\"elementor-column elementor-col-100 elementor-top-column elementor-element elementor-element-6663673\" data-id=\"6663673\" data-element_type=\"column\" data-e-type=\"column\">\n\t\t\t<div class=\"elementor-widget-wrap elementor-element-populated\">\n\t\t\t\t\t\t<section class=\"elementor-section elementor-inner-section elementor-element elementor-element-50f0112 elementor-section-boxed elementor-section-height-default elementor-section-height-default\" data-id=\"50f0112\" data-element_type=\"section\" data-e-type=\"section\">\n\t\t\t\t\t\t<div class=\"elementor-container elementor-column-gap-default\">\n\t\t\t\t\t<div class=\"elementor-column elementor-col-50 elementor-inner-column elementor-element elementor-element-e05e1a2\" data-id=\"e05e1a2\" data-element_type=\"column\" data-e-type=\"column\">\n\t\t\t<div class=\"elementor-widget-wrap\">\n\t\t\t\t\t\t\t<\/div>\n\t\t<\/div>\n\t\t\t\t<div class=\"elementor-column elementor-col-50 elementor-inner-column elementor-element elementor-element-4e1cfea\" data-id=\"4e1cfea\" data-element_type=\"column\" data-e-type=\"column\">\n\t\t\t<div class=\"elementor-widget-wrap elementor-element-populated\">\n\t\t\t\t\t\t<div class=\"elementor-element elementor-element-64a6be0 elementor-widget elementor-widget-text-editor\" data-id=\"64a6be0\" data-element_type=\"widget\" data-e-type=\"widget\" data-widget_type=\"text-editor.default\">\n\t\t\t\t<div class=\"elementor-widget-container\">\n\t\t\t\t\t\t\t\t\t<h1 style=\"padding: 0px; margin: 0px 0px 15px; text-size-adjust: none; border: 0px; font-size: 24px; vertical-align: baseline; color: rgb(42, 110, 182); font-weight: bold; font-family: &quot;Open Sans&quot;, sans-serif; background-color: rgb(243, 243, 243);\">Avocat adoption \u00e0 Valenciennes et Denain<br style=\"padding: 0px; margin: 0px; text-size-adjust: none;\"><\/h1><p style=\"padding: 0px; margin-right: 0px; margin-bottom: 10px; margin-left: 0px; text-size-adjust: none; border: 0px; font-size: 13px; vertical-align: baseline; text-align: justify; color: rgb(79, 79, 79); font-family: &quot;Open Sans&quot;, sans-serif; background-color: rgb(243, 243, 243);\"><a href=\"file:\/\/\/D:\/SynologyDrive\/clients-pro\/minet-mathieu%20avocats\/minet-mathieu\/www.minet-mathieu-avocats.fr\/cabinet-avocat-valenciennes.html\" style=\"padding: 0px; margin: 0px; text-size-adjust: none; border: 0px; vertical-align: baseline; text-decoration-line: underline; color: rgb(82, 146, 163); outline: none;\">Ma\u00eetre Christelle MATHIEU<\/a>,&nbsp;<strong style=\"padding: 0px; margin: 0px; text-size-adjust: none; border: 0px; vertical-align: baseline;\">Avocat comp\u00e9tent en mati\u00e8re d&rsquo;adoption<\/strong>&nbsp;et en&nbsp;<a href=\"file:\/\/\/D:\/SynologyDrive\/clients-pro\/minet-mathieu%20avocats\/minet-mathieu\/www.minet-mathieu-avocats.fr\/avocat-droit-famille.html\" style=\"padding: 0px; margin: 0px; text-size-adjust: none; border: 0px; vertical-align: baseline; text-decoration-line: underline; color: rgb(82, 146, 163); outline: none;\">droit de la famille<\/a>&nbsp;intervient dans toute la r\u00e9gion des Hauts de France et principalement dans les arrondissements de&nbsp;<strong style=\"padding: 0px; margin: 0px; text-size-adjust: none; border: 0px; vertical-align: baseline;\">Valenciennes<\/strong>, de Lille, de&nbsp;<strong style=\"padding: 0px; margin: 0px; text-size-adjust: none; border: 0px; vertical-align: baseline;\">Cambrai<\/strong>, de&nbsp;<strong style=\"padding: 0px; margin: 0px; text-size-adjust: none; border: 0px; vertical-align: baseline;\">Douai<\/strong>, de Maubeuge, de&nbsp;<strong style=\"padding: 0px; margin: 0px; text-size-adjust: none; border: 0px; vertical-align: baseline;\">Saint-Amand-les-Eaux<\/strong>, de Saint Quentin et dans la France enti\u00e8re.<\/p><h2 style=\"padding: 0px; margin: 10px 0px 5px; text-size-adjust: none; border: 0px; font-size: 19px; vertical-align: baseline; color: rgb(42, 110, 182); font-family: &quot;Open Sans&quot;, sans-serif; background-color: rgb(243, 243, 243);\">Qu\u2019est-ce que l\u2019adoption simple et l\u2019adoption pl\u00e9ni\u00e8re&nbsp;?<\/h2><p style=\"padding: 0px; margin-right: 0px; margin-bottom: 10px; margin-left: 0px; text-size-adjust: none; border: 0px; font-size: 13px; vertical-align: baseline; text-align: justify; color: rgb(79, 79, 79); font-family: &quot;Open Sans&quot;, sans-serif; background-color: rgb(243, 243, 243);\">L\u2019<strong style=\"padding: 0px; margin: 0px; text-size-adjust: none; border: 0px; vertical-align: baseline;\">adoption<\/strong>&nbsp;cr\u00e9e un lien de filiation \u00e9tabli par la d\u00e9cision d\u2019un Juge ou d\u2019une administration.<\/p><p style=\"padding: 0px; margin-right: 0px; margin-bottom: 10px; margin-left: 0px; text-size-adjust: none; border: 0px; font-size: 13px; vertical-align: baseline; text-align: justify; color: rgb(79, 79, 79); font-family: &quot;Open Sans&quot;, sans-serif; background-color: rgb(243, 243, 243);\">L\u2019adoption, simple ou pl\u00e9ni\u00e8re, suppose le respect de conditions strictes et la r\u00e9alisation de d\u00e9marches complexes, pour lesquelles l\u2019assistance d\u2019un&nbsp;<strong style=\"padding: 0px; margin: 0px; text-size-adjust: none; border: 0px; vertical-align: baseline;\">avocat comp\u00e9tent en mati\u00e8re d&rsquo;adoption<\/strong>&nbsp;s\u2019av\u00e8re particuli\u00e8rement utile.<\/p><p style=\"padding: 0px; margin-right: 0px; margin-bottom: 10px; margin-left: 0px; text-size-adjust: none; border: 0px; font-size: 13px; vertical-align: baseline; text-align: justify; color: rgb(79, 79, 79); font-family: &quot;Open Sans&quot;, sans-serif; background-color: rgb(243, 243, 243);\">L\u2019<strong style=\"padding: 0px; margin: 0px; text-size-adjust: none; border: 0px; vertical-align: baseline;\">adoption pl\u00e9ni\u00e8re<\/strong>&nbsp;consiste \u00e0 substituer un nouveau lien de filiation au lien de filiation existant entre l\u2019enfant adopt\u00e9 et sa famille d\u2019origine, lequel se trouve donc supprim\u00e9, sauf en cas d\u2019adoption pl\u00e9ni\u00e8re de l\u2019enfant de son conjoint.<\/p><p style=\"padding: 0px; margin-right: 0px; margin-bottom: 10px; margin-left: 0px; text-size-adjust: none; border: 0px; font-size: 13px; vertical-align: baseline; text-align: justify; color: rgb(79, 79, 79); font-family: &quot;Open Sans&quot;, sans-serif; background-color: rgb(243, 243, 243);\">L\u2019<strong style=\"padding: 0px; margin: 0px; text-size-adjust: none; border: 0px; vertical-align: baseline;\">adoption simple<\/strong>&nbsp;cr\u00e9e un nouveau lien de filiation entre l\u2019adoptant et l\u2019adopt\u00e9. Mais, l\u2019adoption simple ne supprime pas les liens de filiation entre l\u2019adopt\u00e9 et sa famille d\u2019origine&nbsp;; les deux liens de filiation coexistent.<\/p>\t\t\t\t\t\t\t\t<\/div>\n\t\t\t\t<\/div>\n\t\t\t\t\t<\/div>\n\t\t<\/div>\n\t\t\t\t\t<\/div>\n\t\t<\/section>\n\t\t\t\t\t<\/div>\n\t\t<\/div>\n\t\t\t\t\t<\/div>\n\t\t<\/section>\n\t\t\t\t<section class=\"elementor-section elementor-top-section elementor-element elementor-element-add6567 elementor-section-boxed elementor-section-height-default elementor-section-height-default\" data-id=\"add6567\" data-element_type=\"section\" data-e-type=\"section\">\n\t\t\t\t\t\t<div class=\"elementor-container elementor-column-gap-default\">\n\t\t\t\t\t<div class=\"elementor-column elementor-col-100 elementor-top-column elementor-element elementor-element-7746a5c\" data-id=\"7746a5c\" data-element_type=\"column\" data-e-type=\"column\">\n\t\t\t<div class=\"elementor-widget-wrap elementor-element-populated\">\n\t\t\t\t\t\t<section class=\"elementor-section elementor-inner-section elementor-element elementor-element-06f8baf elementor-section-boxed elementor-section-height-default elementor-section-height-default\" data-id=\"06f8baf\" data-element_type=\"section\" data-e-type=\"section\">\n\t\t\t\t\t\t<div class=\"elementor-container elementor-column-gap-default\">\n\t\t\t\t\t<div class=\"elementor-column elementor-col-50 elementor-inner-column elementor-element elementor-element-cf02678\" data-id=\"cf02678\" data-element_type=\"column\" data-e-type=\"column\">\n\t\t\t<div class=\"elementor-widget-wrap elementor-element-populated\">\n\t\t\t\t\t\t<div class=\"elementor-element elementor-element-3ac0216 elementor-widget elementor-widget-text-editor\" data-id=\"3ac0216\" data-element_type=\"widget\" data-e-type=\"widget\" data-widget_type=\"text-editor.default\">\n\t\t\t\t<div class=\"elementor-widget-container\">\n\t\t\t\t\t\t\t\t\t<h2 style=\"padding: 0px; margin: 10px 0px 5px; text-size-adjust: none; border: 0px; font-size: 19px; vertical-align: baseline; color: rgb(42, 110, 182); font-family: &quot;Open Sans&quot;, sans-serif; background-color: rgb(243, 243, 243);\">Qui peut adopter&nbsp;?<\/h2><p style=\"padding: 0px; margin-right: 0px; margin-bottom: 10px; margin-left: 0px; text-size-adjust: none; border: 0px; font-size: 13px; vertical-align: baseline; text-align: justify; color: rgb(79, 79, 79); font-family: &quot;Open Sans&quot;, sans-serif; background-color: rgb(243, 243, 243);\">Les personnes c\u00e9libataires et les couples mari\u00e9s peuvent engager des d\u00e9marches d\u2019adoption simples ou pl\u00e9ni\u00e8res en France ou \u00e0 l\u2019\u00e9tranger.<\/p><p style=\"padding: 0px; margin-right: 0px; margin-bottom: 10px; margin-left: 0px; text-size-adjust: none; border: 0px; font-size: 13px; vertical-align: baseline; text-align: justify; color: rgb(79, 79, 79); font-family: &quot;Open Sans&quot;, sans-serif; background-color: rgb(243, 243, 243);\">La loi n\u00b0 2013-404 du 17 mai 2013 a ouvert en France le mariage aux couples de m\u00eame sexe et a permis ainsi l\u2019adoption par des couples de m\u00eame sexe ou l\u2019adoption par l\u2019un des \u00e9poux de l\u2019enfant de son conjoint. Mais la proc\u00e9dure d\u2019adoption r\u00e9pond \u00e0 certaines r\u00e8gles tant proc\u00e9durales que de fonds que votre&nbsp;<strong style=\"padding: 0px; margin: 0px; text-size-adjust: none; border: 0px; vertical-align: baseline;\">avocat comp\u00e9tent en mati\u00e8re d&rsquo;adoption<\/strong>, Ma\u00eetre MATHIEU, peut vous aider \u00e0 appr\u00e9hender dans ses cabinets situ\u00e9s \u00e0&nbsp;<strong style=\"padding: 0px; margin: 0px; text-size-adjust: none; border: 0px; vertical-align: baseline;\">Valenciennes<\/strong>&nbsp;et&nbsp;<strong style=\"padding: 0px; margin: 0px; text-size-adjust: none; border: 0px; vertical-align: baseline;\">Denain<\/strong>&nbsp;(proche&nbsp;<strong style=\"padding: 0px; margin: 0px; text-size-adjust: none; border: 0px; vertical-align: baseline;\">Cambrai<\/strong>,&nbsp;<strong style=\"padding: 0px; margin: 0px; text-size-adjust: none; border: 0px; vertical-align: baseline;\">Douai<\/strong>,&nbsp;<strong style=\"padding: 0px; margin: 0px; text-size-adjust: none; border: 0px; vertical-align: baseline;\">Saint-Amand-les-Eaux<\/strong>).<\/p><p style=\"padding: 0px; margin-right: 0px; margin-bottom: 10px; margin-left: 0px; text-size-adjust: none; border: 0px; font-size: 13px; vertical-align: baseline; text-align: justify; color: rgb(79, 79, 79); font-family: &quot;Open Sans&quot;, sans-serif; background-color: rgb(243, 243, 243);\">Il est possible d\u2019adopter des enfants en France ou \u00e0 l\u2019\u00e9tranger. Mais dans ce dernier cas, il faut que la loi du pays de l\u2019enfant le permette. En effet, tous les pays ne permettent pas l\u2019adoption dans les m\u00eames termes et certains pays ne l\u2019autorisent pas.<\/p><p style=\"padding: 0px; margin-right: 0px; margin-bottom: 10px; margin-left: 0px; text-size-adjust: none; border: 0px; font-size: 13px; vertical-align: baseline; text-align: justify; color: rgb(79, 79, 79); font-family: &quot;Open Sans&quot;, sans-serif; background-color: rgb(243, 243, 243);\">Pour l\u2019<strong style=\"padding: 0px; margin: 0px; text-size-adjust: none; border: 0px; vertical-align: baseline;\">adoption internationale<\/strong>, il faut en France obtenir l\u2019agr\u00e9ment du Pr\u00e9sident du Conseil G\u00e9n\u00e9ral.<\/p><p style=\"padding: 0px; margin-right: 0px; margin-bottom: 10px; margin-left: 0px; text-size-adjust: none; border: 0px; font-size: 13px; vertical-align: baseline; text-align: justify; color: rgb(79, 79, 79); font-family: &quot;Open Sans&quot;, sans-serif; background-color: rgb(243, 243, 243);\">Le&nbsp;<a href=\"file:\/\/\/D:\/SynologyDrive\/clients-pro\/minet-mathieu%20avocats\/minet-mathieu\/www.minet-mathieu-avocats.fr\/cabinet-avocat-valenciennes.html\" style=\"padding: 0px; margin: 0px; text-size-adjust: none; border: 0px; vertical-align: baseline; text-decoration-line: underline; color: rgb(82, 146, 163); outline: none;\">cabinet d\u2019Avocat<\/a>&nbsp;a d\u00e9velopp\u00e9 une comp\u00e9tence certaine en mati\u00e8re d\u2019<strong style=\"padding: 0px; margin: 0px; text-size-adjust: none; border: 0px; vertical-align: baseline;\">adoption internationale<\/strong>. Le cabinet de votre&nbsp;<strong style=\"padding: 0px; margin: 0px; text-size-adjust: none; border: 0px; vertical-align: baseline;\">avocat intervenant en cas d&rsquo;adoption<\/strong>&nbsp;sur<strong style=\"padding: 0px; margin: 0px; text-size-adjust: none; border: 0px; vertical-align: baseline;\">&nbsp;Valenciennes<\/strong>&nbsp;et<strong style=\"padding: 0px; margin: 0px; text-size-adjust: none; border: 0px; vertical-align: baseline;\">&nbsp;Denain<\/strong>&nbsp;(proche<strong style=\"padding: 0px; margin: 0px; text-size-adjust: none; border: 0px; vertical-align: baseline;\">&nbsp;Cambrai<\/strong>,<strong style=\"padding: 0px; margin: 0px; text-size-adjust: none; border: 0px; vertical-align: baseline;\">&nbsp;Douai<\/strong>) vous assiste dans vos d\u00e9marches et vos demandes d\u2019adoption internationale.<\/p>\t\t\t\t\t\t\t\t<\/div>\n\t\t\t\t<\/div>\n\t\t\t\t\t<\/div>\n\t\t<\/div>\n\t\t\t\t<div class=\"elementor-column elementor-col-50 elementor-inner-column elementor-element elementor-element-569d5ef\" data-id=\"569d5ef\" data-element_type=\"column\" data-e-type=\"column\">\n\t\t\t<div class=\"elementor-widget-wrap\">\n\t\t\t\t\t\t\t<\/div>\n\t\t<\/div>\n\t\t\t\t\t<\/div>\n\t\t<\/section>\n\t\t\t\t\t<\/div>\n\t\t<\/div>\n\t\t\t\t\t<\/div>\n\t\t<\/section>\n\t\t\t\t<section class=\"elementor-section elementor-top-section elementor-element elementor-element-43d39ed elementor-section-boxed elementor-section-height-default elementor-section-height-default\" data-id=\"43d39ed\" data-element_type=\"section\" data-e-type=\"section\">\n\t\t\t\t\t\t<div class=\"elementor-container elementor-column-gap-default\">\n\t\t\t\t\t<div class=\"elementor-column elementor-col-100 elementor-top-column elementor-element elementor-element-2ee83a9\" data-id=\"2ee83a9\" data-element_type=\"column\" data-e-type=\"column\">\n\t\t\t<div class=\"elementor-widget-wrap elementor-element-populated\">\n\t\t\t\t\t\t<section class=\"elementor-section elementor-inner-section elementor-element elementor-element-0cf285e elementor-section-boxed elementor-section-height-default elementor-section-height-default\" data-id=\"0cf285e\" data-element_type=\"section\" data-e-type=\"section\">\n\t\t\t\t\t\t<div class=\"elementor-container elementor-column-gap-default\">\n\t\t\t\t\t<div class=\"elementor-column elementor-col-50 elementor-inner-column elementor-element elementor-element-aff6f8e\" data-id=\"aff6f8e\" data-element_type=\"column\" data-e-type=\"column\">\n\t\t\t<div class=\"elementor-widget-wrap\">\n\t\t\t\t\t\t\t<\/div>\n\t\t<\/div>\n\t\t\t\t<div class=\"elementor-column elementor-col-50 elementor-inner-column elementor-element elementor-element-f0c83df\" data-id=\"f0c83df\" data-element_type=\"column\" data-e-type=\"column\">\n\t\t\t<div class=\"elementor-widget-wrap elementor-element-populated\">\n\t\t\t\t\t\t<div class=\"elementor-element elementor-element-ca3dbb0 elementor-widget elementor-widget-text-editor\" data-id=\"ca3dbb0\" data-element_type=\"widget\" data-e-type=\"widget\" data-widget_type=\"text-editor.default\">\n\t\t\t\t<div class=\"elementor-widget-container\">\n\t\t\t\t\t\t\t\t\t<h2 style=\"padding: 0px; margin: 10px 0px 5px; text-size-adjust: none; border: 0px; font-size: 19px; vertical-align: baseline; color: #2a6eb6; font-family: 'Open Sans', sans-serif; background-color: #f3f3f3;\">Comment adopter l\u2019enfant du conjoint\u00a0?<\/h2><p style=\"padding: 0px; margin-right: 0px; margin-bottom: 10px; margin-left: 0px; text-size-adjust: none; border: 0px; font-size: 13px; vertical-align: baseline; text-align: justify; color: #4f4f4f; font-family: 'Open Sans', sans-serif; background-color: #f3f3f3;\">L\u2019<strong style=\"padding: 0px; margin: 0px; text-size-adjust: none; border: 0px; vertical-align: baseline;\">adoption simple<\/strong>\u00a0ou l\u2019<strong style=\"padding: 0px; margin: 0px; text-size-adjust: none; border: 0px; vertical-align: baseline;\">adoption pl\u00e9ni\u00e8re<\/strong>\u00a0doit r\u00e9pondre \u00e0 des conditions l\u00e9gales telles que l\u2019\u00e2ge de l\u2019<strong style=\"padding: 0px; margin: 0px; text-size-adjust: none; border: 0px; vertical-align: baseline;\">adoptant<\/strong>\u00a0et de l\u2019<strong style=\"padding: 0px; margin: 0px; text-size-adjust: none; border: 0px; vertical-align: baseline;\">adopt\u00e9<\/strong>, la diff\u00e9rence d\u2019\u00e2ge entre eux etc.<\/p><p style=\"padding: 0px; margin-right: 0px; margin-bottom: 10px; margin-left: 0px; text-size-adjust: none; border: 0px; font-size: 13px; vertical-align: baseline; text-align: justify; color: #4f4f4f; font-family: 'Open Sans', sans-serif; background-color: #f3f3f3;\">L\u2019adoptant doit \u00eatre mari\u00e9 avec le parent biologique ou adoptif de l\u2019enfant pour lequel la\u00a0<strong style=\"padding: 0px; margin: 0px; text-size-adjust: none; border: 0px; vertical-align: baseline;\">filiation<\/strong>\u00a0est \u00e9tablie.<\/p><p style=\"padding: 0px; margin-right: 0px; margin-bottom: 10px; margin-left: 0px; text-size-adjust: none; border: 0px; font-size: 13px; vertical-align: baseline; text-align: justify; color: #4f4f4f; font-family: 'Open Sans', sans-serif; background-color: #f3f3f3;\">L\u2019adoptant doit donner son consentement \u00e0 l\u2019adoption par acte notari\u00e9. Il en est de m\u00eame pour le parent de l\u2019enfant.<\/p><p style=\"padding: 0px; margin-right: 0px; margin-bottom: 10px; margin-left: 0px; text-size-adjust: none; border: 0px; font-size: 13px; vertical-align: baseline; text-align: justify; color: #4f4f4f; font-family: 'Open Sans', sans-serif; background-color: #f3f3f3;\">La\u00a0<strong style=\"padding: 0px; margin: 0px; text-size-adjust: none; border: 0px; vertical-align: baseline;\">demande d\u2019adoption<\/strong>\u00a0est pr\u00e9sent\u00e9e au Tribunal du lieu de domicile de l\u2019enfant.<\/p><p style=\"padding: 0px; margin-right: 0px; margin-bottom: 10px; margin-left: 0px; text-size-adjust: none; border: 0px; font-size: 13px; vertical-align: baseline; text-align: justify; color: #4f4f4f; font-family: 'Open Sans', sans-serif; background-color: #f3f3f3;\">Votre\u00a0<strong style=\"padding: 0px; margin: 0px; text-size-adjust: none; border: 0px; vertical-align: baseline;\">avocat comp\u00e9tent en adoption<\/strong>\u00a0sur\u00a0<strong style=\"padding: 0px; margin: 0px; text-size-adjust: none; border: 0px; vertical-align: baseline;\">Valenciennes<\/strong>\u00a0et\u00a0<strong style=\"padding: 0px; margin: 0px; text-size-adjust: none; border: 0px; vertical-align: baseline;\">Denain<\/strong>\u00a0(proche\u00a0<strong style=\"padding: 0px; margin: 0px; text-size-adjust: none; border: 0px; vertical-align: baseline;\">Cambrai<\/strong>,\u00a0<strong style=\"padding: 0px; margin: 0px; text-size-adjust: none; border: 0px; vertical-align: baseline;\">Douai<\/strong>,\u00a0<strong style=\"padding: 0px; margin: 0px; text-size-adjust: none; border: 0px; vertical-align: baseline;\">Saint-Amand-les-Eaux<\/strong>), Ma\u00eetre Christelle MATHIEU \u00e9tablit la requ\u00eate en\u00a0<strong style=\"padding: 0px; margin: 0px; text-size-adjust: none; border: 0px; vertical-align: baseline;\">adoption simple<\/strong>\u00a0ou pl\u00e9ni\u00e8re et vous conseille dans la pr\u00e9paration des pi\u00e8ces du dossier.<\/p><p style=\"padding: 0px; margin-right: 0px; margin-bottom: 10px; margin-left: 0px; text-size-adjust: none; border: 0px; font-size: 13px; vertical-align: baseline; text-align: justify; color: #4f4f4f; font-family: 'Open Sans', sans-serif; background-color: #f3f3f3;\">En pratique, l\u2019adoptant doit justifier du lien d\u2019affection qui l\u2019unit \u00e0 l\u2019enfant soit par les ann\u00e9es de vie commune et d\u2019implication dans la vie de l\u2019enfant, soit par la conception m\u00eame de l\u2019enfant, manifestant ainsi le d\u00e9sir d\u2019enfant.<\/p><p style=\"padding: 0px; margin-right: 0px; margin-bottom: 10px; margin-left: 0px; text-size-adjust: none; border: 0px; font-size: 13px; vertical-align: baseline; text-align: justify; color: #4f4f4f; font-family: 'Open Sans', sans-serif; background-color: #f3f3f3;\">Votre Avocat, Ma\u00eetre Christelle MATHIEU, assiste depuis plusieurs ann\u00e9es les couples homosexuels dans leurs\u00a0<strong style=\"padding: 0px; margin: 0px; text-size-adjust: none; border: 0px; vertical-align: baseline;\">d\u00e9marches d\u2019adoption<\/strong>\u00a0de l\u2019enfant du conjoint suite \u00e0 une procr\u00e9ation m\u00e9dicalement assist\u00e9e (PMA) pratiqu\u00e9e \u00e0 l\u2019\u00e9tranger.<\/p><p style=\"padding: 0px; margin-right: 0px; margin-bottom: 10px; margin-left: 0px; text-size-adjust: none; border: 0px; font-size: 13px; vertical-align: baseline; text-align: justify; color: #4f4f4f; font-family: 'Open Sans', sans-serif; background-color: #f3f3f3;\">La gestation pour autrui (GPA) est interdite en France et constitue une infraction p\u00e9nale.<\/p><p style=\"padding: 0px; margin-right: 0px; margin-bottom: 10px; margin-left: 0px; text-size-adjust: none; border: 0px; font-size: 13px; vertical-align: baseline; text-align: justify; color: #4f4f4f; font-family: 'Open Sans', sans-serif; background-color: #f3f3f3;\"><strong style=\"padding: 0px; margin: 0px; text-size-adjust: none; border: 0px; vertical-align: baseline;\">Votre Avocat, Ma\u00eetre Christelle MATHIEU<\/strong>, assiste les couples dans leurs d\u00e9marches de reconnaissance des droits en France d\u2019un enfant n\u00e9 d\u2019une gestation pour autrui (GPA) \u00e0 l\u2019\u00e9tranger.<\/p>\t\t\t\t\t\t\t\t<\/div>\n\t\t\t\t<\/div>\n\t\t\t\t\t<\/div>\n\t\t<\/div>\n\t\t\t\t\t<\/div>\n\t\t<\/section>\n\t\t\t\t\t<\/div>\n\t\t<\/div>\n\t\t\t\t\t<\/div>\n\t\t<\/section>\n\t\t\t\t<\/div>\n\t\t","protected":false},"excerpt":{"rendered":"<p>Avocat adoption \u00e0 Valenciennes et Denain Ma\u00eetre Christelle MATHIEU,&nbsp;Avocat comp\u00e9tent en mati\u00e8re d&rsquo;adoption&nbsp;et en&nbsp;droit de la famille&nbsp;intervient dans toute la r\u00e9gion des Hauts de France et principalement dans les arrondissements de&nbsp;Valenciennes, de Lille, de&nbsp;Cambrai, de&nbsp;Douai, de Maubeuge, de&nbsp;Saint-Amand-les-Eaux, de Saint Quentin et dans la France enti\u00e8re. Qu\u2019est-ce que l\u2019adoption simple et l\u2019adoption pl\u00e9ni\u00e8re&nbsp;? L\u2019adoption&nbsp;cr\u00e9e un [&hellip;]<\/p>\n","protected":false},"author":1,"featured_media":0,"parent":0,"menu_order":0,"comment_status":"closed","ping_status":"closed","template":"","meta":{"footnotes":""},"class_list":["post-225","page","type-page","status-publish","hentry"],"_links":{"self":[{"href":"https:\/\/minet-mathieu-avocats.fr\/index.php?rest_route=\/wp\/v2\/pages\/225","targetHints":{"allow":["GET"]}}],"collection":[{"href":"https:\/\/minet-mathieu-avocats.fr\/index.php?rest_route=\/wp\/v2\/pages"}],"about":[{"href":"https:\/\/minet-mathieu-avocats.fr\/index.php?rest_route=\/wp\/v2\/types\/page"}],"author":[{"embeddable":true,"href":"https:\/\/minet-mathieu-avocats.fr\/index.php?rest_route=\/wp\/v2\/users\/1"}],"replies":[{"embeddable":true,"href":"https:\/\/minet-mathieu-avocats.fr\/index.php?rest_route=%2Fwp%2Fv2%2Fcomments&post=225"}],"version-history":[{"count":10,"href":"https:\/\/minet-mathieu-avocats.fr\/index.php?rest_route=\/wp\/v2\/pages\/225\/revisions"}],"predecessor-version":[{"id":235,"href":"https:\/\/minet-mathieu-avocats.fr\/index.php?rest_route=\/wp\/v2\/pages\/225\/revisions\/235"}],"wp:attachment":[{"href":"https:\/\/minet-mathieu-avocats.fr\/index.php?rest_route=%2Fwp%2Fv2%2Fmedia&parent=225"}],"curies":[{"name":"wp","href":"https:\/\/api.w.org\/{rel}","templated":true}]}}